{"id":28,"date":"2017-10-10T12:26:27","date_gmt":"2017-10-10T10:26:27","guid":{"rendered":"http:\/\/concepteur-multimedia-lyon.com\/verticalfit\/?page_id=28"},"modified":"2024-08-23T15:09:14","modified_gmt":"2024-08-23T13:09:14","slug":"contact","status":"publish","type":"page","link":"https:\/\/www.poledance-angouleme.fr\/en\/contact\/","title":{"rendered":"Contact"},"content":{"rendered":"<p><strong>Mail :<\/strong> poledance16000@gmail.com<br><strong><br>Tel :<\/strong><br><strong>&#8211; Pour toutes question concernant les cours avec M\u00e9lanie, le planning en ligne, les cartes de cours, les EVJF et \u00e9v\u00e9nements priv\u00e9s : 07 87 80 28 66<\/strong> (merci de laisser un message vocal ou SMS si je ne peux pas r\u00e9pondre)<br><strong>&#8211; Pour toutes question concernant les cours avec Oc\u00e9ane : 06 18 70 69 36<\/strong> (merci de laisser un message vocal ou SMS si je ne peux pas r\u00e9pondre)<\/p>\n\n\n\n<p><strong>Course location :<br><\/strong>Vertical Fit &#8211; Pole dance Angoul\u00eame<br>171 rue de P\u00e9rigueux<br>16000 Angoul\u00eame<\/p>\n\n\n\n<p class=\"has-text-align-center\"><style type=\"text\/css\" id=\"umsMapStyles_2_41986\">\n    #ultimate_maps_2_41986 {\n        width: 100%;\n        height: 250px;\n                border: 0px solid ;\n        margin: 0px;\n    }\n    #mapsControlsNum_2_41986 {\n        width:100%    }\n    .umsMapDetailsContainer#umsMapDetailsContainer_2_41986 {\n        height:250px;\n    }\n    .ums_MapPreview#ultimate_maps_2_41986 {\n        \/*position:absolute;*\/\n        width:100%;\n    }\n    #mapConElem_2_41986{\n        width:100%    }\n    <\/style><div class=\"ums_map_opts\" id=\"mapConElem_2_41986\" data-id=\"2\" data-view-id=\"2_41986\" > <div class=\"umsMapDetailsContainer\" id=\"umsMapDetailsContainer_2_41986\"> <i class=\"umsKMLLayersPreloader fa fa-spinner fa-spin\" aria-hidden=\"true\" style=\"display: none;\"><\/i> <div class=\"ums_MapPreview\" id=\"ultimate_maps_2_41986\"><\/div> <\/div> <div class=\"umsMapMarkerFilters\" id=\"umsMapMarkerFilters_2_41986\"> <\/div> <div class=\"umsMapProControlsCon\" id=\"umsMapProControlsCon_2_41986\"> <a title=\"Google Maps Wordpress\" style=\"display:none;\" href=\"https:\/\/supsystic.com\/plugins\/google-maps-plugin\/?utm_medium=love_link_hide\" target=\"_blank\">Google Maps Wordpress<\/a><div style=\"clear: both;\"><\/div> <\/div> <div class=\"umsMapProDirectionsCon\" id=\"umsMapProDirectionsCon_2_41986\" > <\/div> <div class=\"umsMapProKmlFilterCon\" id=\"umsMapProKmlFilterCon_2_41986\" > <\/div> <div class=\"umsSocialSharingShell umsSocialSharingShell_2_41986\"> <\/div> <div style=\"clear: both;\"><\/div> <\/div><\/p>\n\n\n\n<div class=\"wp-block-media-text is-stacked-on-mobile\" style=\"grid-template-columns:27% auto\"><figure class=\"wp-block-media-text__media\"><img loading=\"lazy\" decoding=\"async\" width=\"768\" height=\"1024\" src=\"https:\/\/www.poledance-angouleme.fr\/wp-content\/uploads\/2020\/09\/verticalfit-poledance-angouleme-768x1024.jpg\" alt=\"Vertical Fit - Pole Dance Angoul\u00eame\" class=\"wp-image-566 size-full\" srcset=\"https:\/\/www.poledance-angouleme.fr\/wp-content\/uploads\/2020\/09\/verticalfit-poledance-angouleme-768x1024.jpg 768w, https:\/\/www.poledance-angouleme.fr\/wp-content\/uploads\/2020\/09\/verticalfit-poledance-angouleme-225x300.jpg 225w, https:\/\/www.poledance-angouleme.fr\/wp-content\/uploads\/2020\/09\/verticalfit-poledance-angouleme-1152x1536.jpg 1152w, https:\/\/www.poledance-angouleme.fr\/wp-content\/uploads\/2020\/09\/verticalfit-poledance-angouleme-rotated.jpg 1512w\" sizes=\"(max-width: 768px) 100vw, 768px\" \/><\/figure><div class=\"wp-block-media-text__content\">\n<p><strong>Venir \u00e0 pieds :<\/strong><br>La salle est en plein centre ville d&rsquo;Angoul\u00eame pr\u00e8s de la Bussatte !<\/p>\n\n\n\n<p><strong>Venir en voiture :<\/strong><br>La rue de P\u00e9rigueux poss\u00e8de de nombreuses places de parking gratuites ! <br>Quelques places sont \u00e0 disque (places bleues).<\/p>\n\n\n\n<p><strong>Venir en bus :<\/strong><br>- <a href=\"https:\/\/www.stga.fr\/content\/les-lignes-r%C3%A9guli%C3%A8res\" target=\"_blank\" rel=\"noopener\">bus B<\/a> dessert la rue et relie Soyaux \u00e0 Saint-Michel.<\/p>\n<\/div><\/div>","protected":false},"excerpt":{"rendered":"<p>Mail : poledance16000@gmail.comT\u00e9l :&#8211; Pour toutes question concernant les cours avec M\u00e9lanie, le planning en ligne, les cartes de cours, les EVJF et \u00e9v\u00e9nements priv\u00e9s : 07 87 80 28 66 (merci de laisser un message vocal ou SMS si je ne peux pas r\u00e9pondre)&#8211; Pour toutes question concernant les cours avec Oc\u00e9ane : 06 [&hellip;]<\/p>","protected":false},"author":1,"featured_media":0,"parent":0,"menu_order":5,"comment_status":"closed","ping_status":"closed","template":"","meta":{"sfsi_plus_gutenberg_text_before_share":"","sfsi_plus_gutenberg_show_text_before_share":"","sfsi_plus_gutenberg_icon_type":"","sfsi_plus_gutenberg_icon_alignemt":"","sfsi_plus_gutenburg_max_per_row":"","_exactmetrics_skip_tracking":false,"_exactmetrics_sitenote_active":false,"_exactmetrics_sitenote_note":"","_exactmetrics_sitenote_category":0,"footnotes":""},"yoast_head":"<!-- This site is optimized with the Yoast SEO plugin v22.3 - https:\/\/yoast.com\/wordpress\/plugins\/seo\/ -->\n<title>Contact - Vertical Fit - Pole dance \u00e0 Angoul\u00eame<\/title>\n<meta name=\"description\" content=\"Contacter Vertical Fit, l&#039;\u00e9cole de pole dance \u00e0 Angoul\u00eame en Charente\" \/>\n<meta name=\"robots\" content=\"index, follow, max-snippet:-1, max-image-preview:large, max-video-preview:-1\" \/>\n<link rel=\"canonical\" href=\"https:\/\/www.poledance-angouleme.fr\/en\/contact\/\" \/>\n<meta property=\"og:locale\" content=\"en_US\" \/>\n<meta property=\"og:type\" content=\"article\" \/>\n<meta property=\"og:title\" content=\"Contact - Vertical Fit - Pole dance \u00e0 Angoul\u00eame\" \/>\n<meta property=\"og:description\" content=\"Contacter Vertical Fit, l&#039;\u00e9cole de pole dance \u00e0 Angoul\u00eame en Charente\" \/>\n<meta property=\"og:url\" content=\"https:\/\/www.poledance-angouleme.fr\/en\/contact\/\" \/>\n<meta property=\"og:site_name\" content=\"Vertical Fit - Pole dance \u00e0 Angoul\u00eame\" \/>\n<meta property=\"article:modified_time\" content=\"2024-08-23T13:09:14+00:00\" \/>\n<meta property=\"og:image\" content=\"https:\/\/www.poledance-angouleme.fr\/wp-content\/uploads\/2020\/09\/verticalfit-poledance-angouleme-768x1024.jpg\" \/>\n<meta name=\"twitter:label1\" content=\"Est. reading time\" \/>\n\t<meta name=\"twitter:data1\" content=\"1 minute\" \/>\n<script type=\"application\/ld+json\" class=\"yoast-schema-graph\">{\"@context\":\"https:\/\/schema.org\",\"@graph\":[{\"@type\":\"WebPage\",\"@id\":\"https:\/\/www.poledance-angouleme.fr\/contact\/\",\"url\":\"https:\/\/www.poledance-angouleme.fr\/contact\/\",\"name\":\"Contact - Vertical Fit - Pole dance \u00e0 Angoul\u00eame\",\"isPartOf\":{\"@id\":\"https:\/\/www.poledance-angouleme.fr\/#website\"},\"primaryImageOfPage\":{\"@id\":\"https:\/\/www.poledance-angouleme.fr\/contact\/#primaryimage\"},\"image\":{\"@id\":\"https:\/\/www.poledance-angouleme.fr\/contact\/#primaryimage\"},\"thumbnailUrl\":\"https:\/\/www.poledance-angouleme.fr\/wp-content\/uploads\/2020\/09\/verticalfit-poledance-angouleme-768x1024.jpg\",\"datePublished\":\"2017-10-10T10:26:27+00:00\",\"dateModified\":\"2024-08-23T13:09:14+00:00\",\"description\":\"Contacter Vertical Fit, l'\u00e9cole de pole dance \u00e0 Angoul\u00eame en Charente\",\"breadcrumb\":{\"@id\":\"https:\/\/www.poledance-angouleme.fr\/contact\/#breadcrumb\"},\"inLanguage\":\"en-US\",\"potentialAction\":[{\"@type\":\"ReadAction\",\"target\":[\"https:\/\/www.poledance-angouleme.fr\/contact\/\"]}]},{\"@type\":\"ImageObject\",\"inLanguage\":\"en-US\",\"@id\":\"https:\/\/www.poledance-angouleme.fr\/contact\/#primaryimage\",\"url\":\"https:\/\/www.poledance-angouleme.fr\/wp-content\/uploads\/2020\/09\/verticalfit-poledance-angouleme-rotated.jpg\",\"contentUrl\":\"https:\/\/www.poledance-angouleme.fr\/wp-content\/uploads\/2020\/09\/verticalfit-poledance-angouleme-rotated.jpg\",\"width\":1512,\"height\":2016,\"caption\":\"Vertical Fit - Pole Dance Angoul\u00eame\"},{\"@type\":\"BreadcrumbList\",\"@id\":\"https:\/\/www.poledance-angouleme.fr\/contact\/#breadcrumb\",\"itemListElement\":[{\"@type\":\"ListItem\",\"position\":1,\"name\":\"Accueil\",\"item\":\"https:\/\/www.poledance-angouleme.fr\/\"},{\"@type\":\"ListItem\",\"position\":2,\"name\":\"Contact\"}]},{\"@type\":\"WebSite\",\"@id\":\"https:\/\/www.poledance-angouleme.fr\/#website\",\"url\":\"https:\/\/www.poledance-angouleme.fr\/\",\"name\":\"Vertical Fit - Pole dance \u00e0 Angoul\u00eame\",\"description\":\"Pole dance et pole fitness \u00e0 Angoul\u00eame en Charente\",\"publisher\":{\"@id\":\"https:\/\/www.poledance-angouleme.fr\/#organization\"},\"potentialAction\":[{\"@type\":\"SearchAction\",\"target\":{\"@type\":\"EntryPoint\",\"urlTemplate\":\"https:\/\/www.poledance-angouleme.fr\/?s={search_term_string}\"},\"query-input\":\"required name=search_term_string\"}],\"inLanguage\":\"en-US\"},{\"@type\":\"Organization\",\"@id\":\"https:\/\/www.poledance-angouleme.fr\/#organization\",\"name\":\"Vertical Fit - Pole dance \u00e0 Angoul\u00eame\",\"url\":\"https:\/\/www.poledance-angouleme.fr\/\",\"logo\":{\"@type\":\"ImageObject\",\"inLanguage\":\"en-US\",\"@id\":\"https:\/\/www.poledance-angouleme.fr\/#\/schema\/logo\/image\/\",\"url\":\"https:\/\/www.poledance-angouleme.fr\/wp-content\/uploads\/2018\/05\/cropped-logolong-verticalfit-poledance-stjunien.png\",\"contentUrl\":\"https:\/\/www.poledance-angouleme.fr\/wp-content\/uploads\/2018\/05\/cropped-logolong-verticalfit-poledance-stjunien.png\",\"width\":364,\"height\":75,\"caption\":\"Vertical Fit - Pole dance \u00e0 Angoul\u00eame\"},\"image\":{\"@id\":\"https:\/\/www.poledance-angouleme.fr\/#\/schema\/logo\/image\/\"}}]}<\/script>\n<!-- \/ Yoast SEO plugin. -->","yoast_head_json":{"title":"Contact - Vertical Fit - Pole dance \u00e0 Angoul\u00eame","description":"Contacter Vertical Fit, l'\u00e9cole de pole dance \u00e0 Angoul\u00eame en Charente","robots":{"index":"index","follow":"follow","max-snippet":"max-snippet:-1","max-image-preview":"max-image-preview:large","max-video-preview":"max-video-preview:-1"},"canonical":"https:\/\/www.poledance-angouleme.fr\/en\/contact\/","og_locale":"en_US","og_type":"article","og_title":"Contact - Vertical Fit - Pole dance \u00e0 Angoul\u00eame","og_description":"Contacter Vertical Fit, l'\u00e9cole de pole dance \u00e0 Angoul\u00eame en Charente","og_url":"https:\/\/www.poledance-angouleme.fr\/en\/contact\/","og_site_name":"Vertical Fit - Pole dance \u00e0 Angoul\u00eame","article_modified_time":"2024-08-23T13:09:14+00:00","og_image":[{"url":"https:\/\/www.poledance-angouleme.fr\/wp-content\/uploads\/2020\/09\/verticalfit-poledance-angouleme-768x1024.jpg"}],"twitter_misc":{"Est. reading time":"1 minute"},"schema":{"@context":"https:\/\/schema.org","@graph":[{"@type":"WebPage","@id":"https:\/\/www.poledance-angouleme.fr\/contact\/","url":"https:\/\/www.poledance-angouleme.fr\/contact\/","name":"Contact - Vertical Fit - Pole dance \u00e0 Angoul\u00eame","isPartOf":{"@id":"https:\/\/www.poledance-angouleme.fr\/#website"},"primaryImageOfPage":{"@id":"https:\/\/www.poledance-angouleme.fr\/contact\/#primaryimage"},"image":{"@id":"https:\/\/www.poledance-angouleme.fr\/contact\/#primaryimage"},"thumbnailUrl":"https:\/\/www.poledance-angouleme.fr\/wp-content\/uploads\/2020\/09\/verticalfit-poledance-angouleme-768x1024.jpg","datePublished":"2017-10-10T10:26:27+00:00","dateModified":"2024-08-23T13:09:14+00:00","description":"Contacter Vertical Fit, l'\u00e9cole de pole dance \u00e0 Angoul\u00eame en Charente","breadcrumb":{"@id":"https:\/\/www.poledance-angouleme.fr\/contact\/#breadcrumb"},"inLanguage":"en-US","potentialAction":[{"@type":"ReadAction","target":["https:\/\/www.poledance-angouleme.fr\/contact\/"]}]},{"@type":"ImageObject","inLanguage":"en-US","@id":"https:\/\/www.poledance-angouleme.fr\/contact\/#primaryimage","url":"https:\/\/www.poledance-angouleme.fr\/wp-content\/uploads\/2020\/09\/verticalfit-poledance-angouleme-rotated.jpg","contentUrl":"https:\/\/www.poledance-angouleme.fr\/wp-content\/uploads\/2020\/09\/verticalfit-poledance-angouleme-rotated.jpg","width":1512,"height":2016,"caption":"Vertical Fit - Pole Dance Angoul\u00eame"},{"@type":"BreadcrumbList","@id":"https:\/\/www.poledance-angouleme.fr\/contact\/#breadcrumb","itemListElement":[{"@type":"ListItem","position":1,"name":"Accueil","item":"https:\/\/www.poledance-angouleme.fr\/"},{"@type":"ListItem","position":2,"name":"Contact"}]},{"@type":"WebSite","@id":"https:\/\/www.poledance-angouleme.fr\/#website","url":"https:\/\/www.poledance-angouleme.fr\/","name":"Vertical Fit - Pole dance \u00e0 Angoul\u00eame","description":"Pole dance et pole fitness \u00e0 Angoul\u00eame en Charente","publisher":{"@id":"https:\/\/www.poledance-angouleme.fr\/#organization"},"potentialAction":[{"@type":"SearchAction","target":{"@type":"EntryPoint","urlTemplate":"https:\/\/www.poledance-angouleme.fr\/?s={search_term_string}"},"query-input":"required name=search_term_string"}],"inLanguage":"en-US"},{"@type":"Organization","@id":"https:\/\/www.poledance-angouleme.fr\/#organization","name":"Vertical Fit - Pole dance \u00e0 Angoul\u00eame","url":"https:\/\/www.poledance-angouleme.fr\/","logo":{"@type":"ImageObject","inLanguage":"en-US","@id":"https:\/\/www.poledance-angouleme.fr\/#\/schema\/logo\/image\/","url":"https:\/\/www.poledance-angouleme.fr\/wp-content\/uploads\/2018\/05\/cropped-logolong-verticalfit-poledance-stjunien.png","contentUrl":"https:\/\/www.poledance-angouleme.fr\/wp-content\/uploads\/2018\/05\/cropped-logolong-verticalfit-poledance-stjunien.png","width":364,"height":75,"caption":"Vertical Fit - Pole dance \u00e0 Angoul\u00eame"},"image":{"@id":"https:\/\/www.poledance-angouleme.fr\/#\/schema\/logo\/image\/"}}]}},"_links":{"self":[{"href":"https:\/\/www.poledance-angouleme.fr\/en\/wp-json\/wp\/v2\/pages\/28"}],"collection":[{"href":"https:\/\/www.poledance-angouleme.fr\/en\/wp-json\/wp\/v2\/pages"}],"about":[{"href":"https:\/\/www.poledance-angouleme.fr\/en\/wp-json\/wp\/v2\/types\/page"}],"author":[{"embeddable":true,"href":"https:\/\/www.poledance-angouleme.fr\/en\/wp-json\/wp\/v2\/users\/1"}],"replies":[{"embeddable":true,"href":"https:\/\/www.poledance-angouleme.fr\/en\/wp-json\/wp\/v2\/comments?post=28"}],"version-history":[{"count":21,"href":"https:\/\/www.poledance-angouleme.fr\/en\/wp-json\/wp\/v2\/pages\/28\/revisions"}],"predecessor-version":[{"id":1217,"href":"https:\/\/www.poledance-angouleme.fr\/en\/wp-json\/wp\/v2\/pages\/28\/revisions\/1217"}],"wp:attachment":[{"href":"https:\/\/www.poledance-angouleme.fr\/en\/wp-json\/wp\/v2\/media?parent=28"}],"curies":[{"name":"wp","href":"https:\/\/api.w.org\/{rel}","templated":true}]}}