{"id":328,"date":"2019-07-16T15:28:01","date_gmt":"2019-07-16T13:28:01","guid":{"rendered":"https:\/\/www.vertical-fit.fr\/?page_id=328"},"modified":"2022-04-03T15:35:13","modified_gmt":"2022-04-03T13:35:13","slug":"cours-particuliers-ou-semi-particulier","status":"publish","type":"page","link":"https:\/\/www.poledance-angouleme.fr\/en\/cours-particuliers-ou-semi-particulier\/","title":{"rendered":"Private or semi-private lessons"},"content":{"rendered":"<p>Les <strong>Private<\/strong> or <strong>semi-private <\/strong>allow you to progress in leaps and bounds.<br>You decide the program and the figures you want to work!<br>This is ideal if you want to deepen some figures or if your schedule does not allow you to come to our regular classes.<\/p>\n\n\n\n<p>Les cours particuliers ou semi-particuliers sont <strong>soit <\/strong>planifi\u00e9s sur le <a href=\"https:\/\/resafit.vertical-fit.fr\/4\/cours\/index\" target=\"_blank\" rel=\"noreferrer noopener\">planning en ligne<\/a> <strong>soit <\/strong>ils peuvent \u00eatre demand\u00e9s hors de ces cr\u00e9neaux planifi\u00e9s (<a href=\"https:\/\/www.poledance-angouleme.fr\/contact\/\" target=\"_blank\" rel=\"noreferrer noopener\">nous contacter<\/a>).<br><strong>Prices:<\/strong><br>&#8211; cours particulier (1 \u00e9l\u00e8ve) : 50\u20ac\/heure OU 8 cr\u00e9dits sur les cartes de cours<br>&#8211; cours semi-particulier (2 \u00e9l\u00e8ves) : 45\u20ac\/heure\/personne OU 7 cr\u00e9dits sur les cartes de cours<br>&#8211; cours semi-particulier (3 \u00e9l\u00e8ves) : 40\u20ac\/heure\/personne OU 6 cr\u00e9dits sur les cartes de cours<br>&#8211; cours semi-particulier (4 \u00e9l\u00e8ves et plus) : 35\u20ac\/heure\/personne OU 5 cr\u00e9dits sur les cartes de cours<br>Tout cours particulier ou semi-particulier annul\u00e9 moins de 12h avant est du.<\/p>\n\n\n\n<p><strong>Vertical Fit &#8211; Pole dance Angoul\u00eame<\/strong> also offers a <strong>regular personalized coaching<\/strong> to progress in pole dance faster.<br>Price on request.<\/p>","protected":false},"excerpt":{"rendered":"<p>Les cours particuliers ou semi-particuliers vous permettent de progresser \u00e0 pas de g\u00e9ant.C&rsquo;est vous qui d\u00e9cidez du programme et des figures que vous souhaitez travailler !C&rsquo;est l&rsquo;id\u00e9al si vous voulez approfondir certaines figures ou bien si votre planning ne vous permet pas de venir \u00e0 nos cours r\u00e9guliers. Les cours particuliers ou semi-particuliers sont soit [&hellip;]<\/p>","protected":false},"author":1,"featured_media":0,"parent":0,"menu_order":0,"comment_status":"closed","ping_status":"closed","template":"","meta":{"sfsi_plus_gutenberg_text_before_share":"","sfsi_plus_gutenberg_show_text_before_share":"","sfsi_plus_gutenberg_icon_type":"","sfsi_plus_gutenberg_icon_alignemt":"","sfsi_plus_gutenburg_max_per_row":"","_exactmetrics_skip_tracking":false,"_exactmetrics_sitenote_active":false,"_exactmetrics_sitenote_note":"","_exactmetrics_sitenote_category":0,"footnotes":""},"yoast_head":"<!-- This site is optimized with the Yoast SEO plugin v22.3 - https:\/\/yoast.com\/wordpress\/plugins\/seo\/ -->\n<title>Cours particuliers ou semi-particulier - Vertical Fit - Pole dance \u00e0 Angoul\u00eame<\/title>\n<meta name=\"description\" content=\"Les cours particuliers ou semi-particuliers vous permettent de progresser \u00e0 pas de g\u00e9ant.C&#039;est vous qui d\u00e9cidez du programme et des figures que vous souhaitez travailler !\" \/>\n<meta name=\"robots\" content=\"index, follow, max-snippet:-1, max-image-preview:large, max-video-preview:-1\" \/>\n<link rel=\"canonical\" href=\"https:\/\/www.poledance-angouleme.fr\/en\/cours-particuliers-ou-semi-particulier\/\" \/>\n<meta property=\"og:locale\" content=\"en_US\" \/>\n<meta property=\"og:type\" content=\"article\" \/>\n<meta property=\"og:title\" content=\"Cours particuliers ou semi-particulier - Vertical Fit - Pole dance \u00e0 Angoul\u00eame\" \/>\n<meta property=\"og:description\" content=\"Les cours particuliers ou semi-particuliers vous permettent de progresser \u00e0 pas de g\u00e9ant.C&#039;est vous qui d\u00e9cidez du programme et des figures que vous souhaitez travailler !\" \/>\n<meta property=\"og:url\" content=\"https:\/\/www.poledance-angouleme.fr\/en\/cours-particuliers-ou-semi-particulier\/\" \/>\n<meta property=\"og:site_name\" content=\"Vertical Fit - Pole dance \u00e0 Angoul\u00eame\" \/>\n<meta property=\"article:modified_time\" content=\"2022-04-03T13:35:13+00:00\" \/>\n<meta name=\"twitter:label1\" content=\"Est. reading time\" \/>\n\t<meta name=\"twitter:data1\" content=\"1 minute\" \/>\n<script type=\"application\/ld+json\" class=\"yoast-schema-graph\">{\"@context\":\"https:\/\/schema.org\",\"@graph\":[{\"@type\":\"WebPage\",\"@id\":\"https:\/\/www.poledance-angouleme.fr\/cours-particuliers-ou-semi-particulier\/\",\"url\":\"https:\/\/www.poledance-angouleme.fr\/cours-particuliers-ou-semi-particulier\/\",\"name\":\"Cours particuliers ou semi-particulier - Vertical Fit - Pole dance \u00e0 Angoul\u00eame\",\"isPartOf\":{\"@id\":\"https:\/\/www.poledance-angouleme.fr\/#website\"},\"datePublished\":\"2019-07-16T13:28:01+00:00\",\"dateModified\":\"2022-04-03T13:35:13+00:00\",\"description\":\"Les cours particuliers ou semi-particuliers vous permettent de progresser \u00e0 pas de g\u00e9ant.C'est vous qui d\u00e9cidez du programme et des figures que vous souhaitez travailler !\",\"breadcrumb\":{\"@id\":\"https:\/\/www.poledance-angouleme.fr\/cours-particuliers-ou-semi-particulier\/#breadcrumb\"},\"inLanguage\":\"en-US\",\"potentialAction\":[{\"@type\":\"ReadAction\",\"target\":[\"https:\/\/www.poledance-angouleme.fr\/cours-particuliers-ou-semi-particulier\/\"]}]},{\"@type\":\"BreadcrumbList\",\"@id\":\"https:\/\/www.poledance-angouleme.fr\/cours-particuliers-ou-semi-particulier\/#breadcrumb\",\"itemListElement\":[{\"@type\":\"ListItem\",\"position\":1,\"name\":\"Accueil\",\"item\":\"https:\/\/www.poledance-angouleme.fr\/\"},{\"@type\":\"ListItem\",\"position\":2,\"name\":\"Cours particuliers ou semi-particulier\"}]},{\"@type\":\"WebSite\",\"@id\":\"https:\/\/www.poledance-angouleme.fr\/#website\",\"url\":\"https:\/\/www.poledance-angouleme.fr\/\",\"name\":\"Vertical Fit - Pole dance \u00e0 Angoul\u00eame\",\"description\":\"Pole dance et pole fitness \u00e0 Angoul\u00eame en Charente\",\"publisher\":{\"@id\":\"https:\/\/www.poledance-angouleme.fr\/#organization\"},\"potentialAction\":[{\"@type\":\"SearchAction\",\"target\":{\"@type\":\"EntryPoint\",\"urlTemplate\":\"https:\/\/www.poledance-angouleme.fr\/?s={search_term_string}\"},\"query-input\":\"required name=search_term_string\"}],\"inLanguage\":\"en-US\"},{\"@type\":\"Organization\",\"@id\":\"https:\/\/www.poledance-angouleme.fr\/#organization\",\"name\":\"Vertical Fit - Pole dance \u00e0 Angoul\u00eame\",\"url\":\"https:\/\/www.poledance-angouleme.fr\/\",\"logo\":{\"@type\":\"ImageObject\",\"inLanguage\":\"en-US\",\"@id\":\"https:\/\/www.poledance-angouleme.fr\/#\/schema\/logo\/image\/\",\"url\":\"https:\/\/www.poledance-angouleme.fr\/wp-content\/uploads\/2018\/05\/cropped-logolong-verticalfit-poledance-stjunien.png\",\"contentUrl\":\"https:\/\/www.poledance-angouleme.fr\/wp-content\/uploads\/2018\/05\/cropped-logolong-verticalfit-poledance-stjunien.png\",\"width\":364,\"height\":75,\"caption\":\"Vertical Fit - Pole dance \u00e0 Angoul\u00eame\"},\"image\":{\"@id\":\"https:\/\/www.poledance-angouleme.fr\/#\/schema\/logo\/image\/\"}}]}<\/script>\n<!-- \/ Yoast SEO plugin. -->","yoast_head_json":{"title":"Cours particuliers ou semi-particulier - Vertical Fit - Pole dance \u00e0 Angoul\u00eame","description":"Les cours particuliers ou semi-particuliers vous permettent de progresser \u00e0 pas de g\u00e9ant.C'est vous qui d\u00e9cidez du programme et des figures que vous souhaitez travailler !","robots":{"index":"index","follow":"follow","max-snippet":"max-snippet:-1","max-image-preview":"max-image-preview:large","max-video-preview":"max-video-preview:-1"},"canonical":"https:\/\/www.poledance-angouleme.fr\/en\/cours-particuliers-ou-semi-particulier\/","og_locale":"en_US","og_type":"article","og_title":"Cours particuliers ou semi-particulier - Vertical Fit - Pole dance \u00e0 Angoul\u00eame","og_description":"Les cours particuliers ou semi-particuliers vous permettent de progresser \u00e0 pas de g\u00e9ant.C'est vous qui d\u00e9cidez du programme et des figures que vous souhaitez travailler !","og_url":"https:\/\/www.poledance-angouleme.fr\/en\/cours-particuliers-ou-semi-particulier\/","og_site_name":"Vertical Fit - Pole dance \u00e0 Angoul\u00eame","article_modified_time":"2022-04-03T13:35:13+00:00","twitter_misc":{"Est. reading time":"1 minute"},"schema":{"@context":"https:\/\/schema.org","@graph":[{"@type":"WebPage","@id":"https:\/\/www.poledance-angouleme.fr\/cours-particuliers-ou-semi-particulier\/","url":"https:\/\/www.poledance-angouleme.fr\/cours-particuliers-ou-semi-particulier\/","name":"Cours particuliers ou semi-particulier - Vertical Fit - Pole dance \u00e0 Angoul\u00eame","isPartOf":{"@id":"https:\/\/www.poledance-angouleme.fr\/#website"},"datePublished":"2019-07-16T13:28:01+00:00","dateModified":"2022-04-03T13:35:13+00:00","description":"Les cours particuliers ou semi-particuliers vous permettent de progresser \u00e0 pas de g\u00e9ant.C'est vous qui d\u00e9cidez du programme et des figures que vous souhaitez travailler !","breadcrumb":{"@id":"https:\/\/www.poledance-angouleme.fr\/cours-particuliers-ou-semi-particulier\/#breadcrumb"},"inLanguage":"en-US","potentialAction":[{"@type":"ReadAction","target":["https:\/\/www.poledance-angouleme.fr\/cours-particuliers-ou-semi-particulier\/"]}]},{"@type":"BreadcrumbList","@id":"https:\/\/www.poledance-angouleme.fr\/cours-particuliers-ou-semi-particulier\/#breadcrumb","itemListElement":[{"@type":"ListItem","position":1,"name":"Accueil","item":"https:\/\/www.poledance-angouleme.fr\/"},{"@type":"ListItem","position":2,"name":"Cours particuliers ou semi-particulier"}]},{"@type":"WebSite","@id":"https:\/\/www.poledance-angouleme.fr\/#website","url":"https:\/\/www.poledance-angouleme.fr\/","name":"Vertical Fit - Pole dance \u00e0 Angoul\u00eame","description":"Pole dance et pole fitness \u00e0 Angoul\u00eame en Charente","publisher":{"@id":"https:\/\/www.poledance-angouleme.fr\/#organization"},"potentialAction":[{"@type":"SearchAction","target":{"@type":"EntryPoint","urlTemplate":"https:\/\/www.poledance-angouleme.fr\/?s={search_term_string}"},"query-input":"required name=search_term_string"}],"inLanguage":"en-US"},{"@type":"Organization","@id":"https:\/\/www.poledance-angouleme.fr\/#organization","name":"Vertical Fit - Pole dance \u00e0 Angoul\u00eame","url":"https:\/\/www.poledance-angouleme.fr\/","logo":{"@type":"ImageObject","inLanguage":"en-US","@id":"https:\/\/www.poledance-angouleme.fr\/#\/schema\/logo\/image\/","url":"https:\/\/www.poledance-angouleme.fr\/wp-content\/uploads\/2018\/05\/cropped-logolong-verticalfit-poledance-stjunien.png","contentUrl":"https:\/\/www.poledance-angouleme.fr\/wp-content\/uploads\/2018\/05\/cropped-logolong-verticalfit-poledance-stjunien.png","width":364,"height":75,"caption":"Vertical Fit - Pole dance \u00e0 Angoul\u00eame"},"image":{"@id":"https:\/\/www.poledance-angouleme.fr\/#\/schema\/logo\/image\/"}}]}},"_links":{"self":[{"href":"https:\/\/www.poledance-angouleme.fr\/en\/wp-json\/wp\/v2\/pages\/328"}],"collection":[{"href":"https:\/\/www.poledance-angouleme.fr\/en\/wp-json\/wp\/v2\/pages"}],"about":[{"href":"https:\/\/www.poledance-angouleme.fr\/en\/wp-json\/wp\/v2\/types\/page"}],"author":[{"embeddable":true,"href":"https:\/\/www.poledance-angouleme.fr\/en\/wp-json\/wp\/v2\/users\/1"}],"replies":[{"embeddable":true,"href":"https:\/\/www.poledance-angouleme.fr\/en\/wp-json\/wp\/v2\/comments?post=328"}],"version-history":[{"count":7,"href":"https:\/\/www.poledance-angouleme.fr\/en\/wp-json\/wp\/v2\/pages\/328\/revisions"}],"predecessor-version":[{"id":796,"href":"https:\/\/www.poledance-angouleme.fr\/en\/wp-json\/wp\/v2\/pages\/328\/revisions\/796"}],"wp:attachment":[{"href":"https:\/\/www.poledance-angouleme.fr\/en\/wp-json\/wp\/v2\/media?parent=328"}],"curies":[{"name":"wp","href":"https:\/\/api.w.org\/{rel}","templated":true}]}}